{"id":131,"date":"2023-10-13T13:18:12","date_gmt":"2023-10-13T13:18:12","guid":{"rendered":"https:\/\/vechta.itkorn.com\/?page_id=131"},"modified":"2024-11-05T17:45:38","modified_gmt":"2024-11-05T17:45:38","slug":"termine","status":"publish","type":"page","link":"https:\/\/www.zahnheilkunde-vechta.de\/index.php\/termine\/","title":{"rendered":"Termin buchen"},"content":{"rendered":"\t\t<div data-elementor-type=\"wp-page\" data-elementor-id=\"131\" class=\"elementor elementor-131\">\n\t\t\t\t\t\t\t<div class=\"elementor-element elementor-element-49ffce89 e-flex e-con-boxed e-con e-parent\" data-id=\"49ffce89\" data-element_type=\"container\" data-settings=\"{&quot;content_width&quot;:&quot;boxed&quot;}\" data-core-v316-plus=\"true\">\n\t\t\t\t\t<div class=\"e-con-inner\">\n\t\t\t\t<div class=\"elementor-element elementor-element-612a3113 elementor-widget elementor-widget-text-editor\" data-id=\"612a3113\" data-element_type=\"widget\" data-widget_type=\"text-editor.default\">\n\t\t\t\t<div class=\"elementor-widget-container\">\n\t\t\t<style>\/*! elementor - v3.17.0 - 08-11-2023 *\/\n.elementor-widget-text-editor.elementor-drop-cap-view-stacked .elementor-drop-cap{background-color:#69727d;color:#fff}.elementor-widget-text-editor.elementor-drop-cap-view-framed .elementor-drop-cap{color:#69727d;border:3px solid;background-color:transparent}.elementor-widget-text-editor:not(.elementor-drop-cap-view-default) .elementor-drop-cap{margin-top:8px}.elementor-widget-text-editor:not(.elementor-drop-cap-view-default) .elementor-drop-cap-letter{width:1em;height:1em}.elementor-widget-text-editor .elementor-drop-cap{float:left;text-align:center;line-height:1;font-size:50px}.elementor-widget-text-editor .elementor-drop-cap-letter{display:inline-block}<\/style>\t\t\t\t<p>Liebe Patientinnen und Patienten,<br \/>ab sofort k\u00f6nnen Sie hier <strong>ONLINE<\/strong> ganz einfach Ihren Zahnarzttermin selbstst\u00e4ndig buchen.<br \/><br \/>Sollten Sie dennoch Fragen haben, steht Ihnen unser Praxisteam gerne zur Verf\u00fcgung.<\/p>\t\t\t\t\t\t<\/div>\n\t\t\t\t<\/div>\n\t\t\t\t\t<\/div>\n\t\t\t\t<\/div>\n\t\t<div class=\"elementor-element elementor-element-39715d5 e-flex e-con-boxed e-con e-parent\" data-id=\"39715d5\" data-element_type=\"container\" data-settings=\"{&quot;content_width&quot;:&quot;boxed&quot;}\" data-core-v316-plus=\"true\">\n\t\t\t\t\t<div class=\"e-con-inner\">\n\t\t\t\t<div class=\"elementor-element elementor-element-eb9370d elementor-align-center elementor-invisible elementor-widget elementor-widget-button\" data-id=\"eb9370d\" data-element_type=\"widget\" data-settings=\"{&quot;_animation&quot;:&quot;zoomIn&quot;}\" data-widget_type=\"button.default\">\n\t\t\t\t<div class=\"elementor-widget-container\">\n\t\t\t\t\t<div class=\"elementor-button-wrapper\">\n\t\t\t<a class=\"elementor-button elementor-button-link elementor-size-lg\" href=\"https:\/\/www.doctolib.de\/zahnarztpraxis\/vechta\/zahnheilkunde-vechta-dr-bramstedt\/booking?utm_campaign=website-button&#038;utm_source=zahnheilkunde-vechta-dr-bramstedt-website-button&#038;utm_medium=referral&#038;utm_content=option-8&#038;utm_term=zahnheilkunde-vechta-dr-bramstedt\">\n\t\t\t\t\t\t<span class=\"elementor-button-content-wrapper\">\n\t\t\t\t\t\t<span class=\"elementor-button-text\">Termin online buchen<\/span>\n\t\t<\/span>\n\t\t\t\t\t<\/a>\n\t\t<\/div>\n\t\t\t\t<\/div>\n\t\t\t\t<\/div>\n\t\t\t\t\t<\/div>\n\t\t\t\t<\/div>\n\t\t<div class=\"elementor-element elementor-element-7cc5883 e-flex e-con-boxed e-con e-parent\" data-id=\"7cc5883\" data-element_type=\"container\" data-settings=\"{&quot;content_width&quot;:&quot;boxed&quot;}\" data-core-v316-plus=\"true\">\n\t\t\t\t\t<div class=\"e-con-inner\">\n\t\t\t\t<div class=\"elementor-element elementor-element-a285e12 elementor-widget elementor-widget-image\" data-id=\"a285e12\" data-element_type=\"widget\" data-widget_type=\"image.default\">\n\t\t\t\t<div class=\"elementor-widget-container\">\n\t\t\t<style>\/*! elementor - v3.17.0 - 08-11-2023 *\/\n.elementor-widget-image{text-align:center}.elementor-widget-image a{display:inline-block}.elementor-widget-image a img[src$=\".svg\"]{width:48px}.elementor-widget-image img{vertical-align:middle;display:inline-block}<\/style>\t\t\t\t\t\t\t\t\t\t\t\t<img loading=\"lazy\" decoding=\"async\" width=\"768\" height=\"1157\" src=\"https:\/\/www.zahnheilkunde-vechta.de\/wp-content\/uploads\/2023\/10\/2019_ZLB-17-768x1157.jpg\" class=\"attachment-medium_large size-medium_large wp-image-162\" alt=\"\" srcset=\"https:\/\/www.zahnheilkunde-vechta.de\/wp-content\/uploads\/2023\/10\/2019_ZLB-17-768x1157.jpg 768w, https:\/\/www.zahnheilkunde-vechta.de\/wp-content\/uploads\/2023\/10\/2019_ZLB-17-199x300.jpg 199w, https:\/\/www.zahnheilkunde-vechta.de\/wp-content\/uploads\/2023\/10\/2019_ZLB-17-680x1024.jpg 680w, https:\/\/www.zahnheilkunde-vechta.de\/wp-content\/uploads\/2023\/10\/2019_ZLB-17-1020x1536.jpg 1020w, https:\/\/www.zahnheilkunde-vechta.de\/wp-content\/uploads\/2023\/10\/2019_ZLB-17-1360x2048.jpg 1360w, https:\/\/www.zahnheilkunde-vechta.de\/wp-content\/uploads\/2023\/10\/2019_ZLB-17-1160x1747.jpg 1160w, https:\/\/www.zahnheilkunde-vechta.de\/wp-content\/uploads\/2023\/10\/2019_ZLB-17.jpg 1657w\" sizes=\"auto, (max-width: 768px) 100vw, 768px\" \/>\t\t\t\t\t\t\t\t\t\t\t\t\t\t\t<\/div>\n\t\t\t\t<\/div>\n\t\t\t\t\t<\/div>\n\t\t\t\t<\/div>\n\t\t\t\t\t\t\t<\/div>\n\t\t","protected":false},"excerpt":{"rendered":"<p>Liebe Patientinnen und Patienten,ab sofort k\u00f6nnen Sie hier ONLINE ganz einfach Ihren Zahnarzttermin selbstst\u00e4ndig buchen. Sollten Sie dennoch Fragen haben, steht Ihnen unser Praxisteam gerne zur Verf\u00fcgung. Termin online buchen<\/p>\n","protected":false},"author":1,"featured_media":52,"parent":0,"menu_order":0,"comment_status":"closed","ping_status":"closed","template":"","meta":{"footnotes":""},"class_list":["post-131","page","type-page","status-publish","has-post-thumbnail","hentry"],"acf":[],"_links":{"self":[{"href":"https:\/\/www.zahnheilkunde-vechta.de\/index.php\/wp-json\/wp\/v2\/pages\/131","targetHints":{"allow":["GET"]}}],"collection":[{"href":"https:\/\/www.zahnheilkunde-vechta.de\/index.php\/wp-json\/wp\/v2\/pages"}],"about":[{"href":"https:\/\/www.zahnheilkunde-vechta.de\/index.php\/wp-json\/wp\/v2\/types\/page"}],"author":[{"embeddable":true,"href":"https:\/\/www.zahnheilkunde-vechta.de\/index.php\/wp-json\/wp\/v2\/users\/1"}],"replies":[{"embeddable":true,"href":"https:\/\/www.zahnheilkunde-vechta.de\/index.php\/wp-json\/wp\/v2\/comments?post=131"}],"version-history":[{"count":25,"href":"https:\/\/www.zahnheilkunde-vechta.de\/index.php\/wp-json\/wp\/v2\/pages\/131\/revisions"}],"predecessor-version":[{"id":289,"href":"https:\/\/www.zahnheilkunde-vechta.de\/index.php\/wp-json\/wp\/v2\/pages\/131\/revisions\/289"}],"wp:featuredmedia":[{"embeddable":true,"href":"https:\/\/www.zahnheilkunde-vechta.de\/index.php\/wp-json\/wp\/v2\/media\/52"}],"wp:attachment":[{"href":"https:\/\/www.zahnheilkunde-vechta.de\/index.php\/wp-json\/wp\/v2\/media?parent=131"}],"curies":[{"name":"wp","href":"https:\/\/api.w.org\/{rel}","templated":true}]}}